{"version":"1.0","provider_name":"REtik\u00fcl \u00e9s ami belef\u00e9r...","provider_url":"https:\/\/retikul.cafeblog.hu","author_name":"REtik\u00fcl","author_url":"https:\/\/retikul.cafeblog.hu\/author\/viragh_krisztina\/","title":"Gombos toj\u00e1s","html":"<p style=\"text-align: center\">Sok helyen l\u00e1ttam m\u00e1r...gondoltam \u00e9n is kipr\u00f3b\u00e1lom..<\/p>\r\n<p style=\"text-align: center\">Sz\u00fcks\u00e9ges kell\u00e9kek:<\/p>\r\n<p style=\"text-align: center\">-toj\u00e1s(pap\u00edrmas\u00e9,hungarocell v.kif\u00fajt)<\/p>\r\n<p style=\"text-align: center\">-gombok<\/p>\r\n<p style=\"text-align: center\">-ragaszt\u00f3pisztoly.<\/p>\r\n<p style=\"text-align: center\">Elk\u00e9sz\u00edt\u00e9s:<\/p>\r\n<p style=\"text-align: center\">A pap\u00edrmas\u00e9 toj\u00e1st lefestettem s\u00e1rg\u00e1ra \u00e9s arra egyenk\u00e9nt felragasztottam a gombokat.<\/p>\r\n<p style=\"text-align: center\">K\u00e9sz\u00edthet\u00fcnk fonal v.sp\u00e1rga f\u00e9szket,tehetj\u00fck abba..de felsz\u00farhatjuk egy hurkap\u00e1lcik\u00e1ra is.<\/p>\r\n<p style=\"text-align: center\"><a href=\"https:\/\/retikul.cafeblog.hu\/files\/2014\/04\/PhotoGrid_1396873365987.jpg\"><img class=\"aligncenter size-medium wp-image-1011\" alt=\"PhotoGrid_1396873365987\" src=\"https:\/\/retikul.cafeblog.hu\/files\/2014\/04\/PhotoGrid_1396873365987-224x300.jpg\" width=\"224\" height=\"300\" \/><\/a><\/p>\r\n<p style=\"text-align: center\"><a href=\"https:\/\/retikul.cafeblog.hu\/files\/2014\/04\/PhotoGrid_1396873439628.jpg\"><img class=\"aligncenter size-medium wp-image-1012\" alt=\"PhotoGrid_1396873439628\" src=\"https:\/\/retikul.cafeblog.hu\/files\/2014\/04\/PhotoGrid_1396873439628-300x225.jpg\" width=\"300\" height=\"225\" \/><\/a><\/p>\r\n<p style=\"text-align: center\"><a href=\"https:\/\/retikul.cafeblog.hu\/files\/2014\/04\/PhotoGrid_1396873519618.jpg\"><img class=\"aligncenter size-medium wp-image-1013\" alt=\"PhotoGrid_1396873519618\" src=\"https:\/\/retikul.cafeblog.hu\/files\/2014\/04\/PhotoGrid_1396873519618-300x225.jpg\" width=\"300\" height=\"225\" \/><\/a><\/p>\r\n<p style=\"text-align: center\"><a href=\"https:\/\/retikul.cafeblog.hu\/files\/2014\/04\/PhotoGrid_1396874073182.jpg\"><img class=\"aligncenter size-medium wp-image-1014\" alt=\"PhotoGrid_1396874073182\" src=\"https:\/\/retikul.cafeblog.hu\/files\/2014\/04\/PhotoGrid_1396874073182-224x300.jpg\" width=\"224\" height=\"300\" \/><\/a><\/p>\r\n<p style=\"text-align: center\"><a href=\"https:\/\/retikul.cafeblog.hu\/files\/2014\/04\/PhotoGrid_1396874165286.jpg\"><img class=\"aligncenter size-medium wp-image-1015\" alt=\"PhotoGrid_1396874165286\" src=\"https:\/\/retikul.cafeblog.hu\/files\/2014\/04\/PhotoGrid_1396874165286-300x225.jpg\" width=\"300\" height=\"225\" \/><\/a><\/p>\r\n<p style=\"text-align: center\"><a href=\"https:\/\/retikul.cafeblog.hu\/files\/2014\/04\/PhotoGrid_1396874680837.jpg\"><img class=\"aligncenter size-medium wp-image-1016\" alt=\"PhotoGrid_1396874680837\" src=\"https:\/\/retikul.cafeblog.hu\/files\/2014\/04\/PhotoGrid_1396874680837-300x200.jpg\" width=\"300\" height=\"200\" \/><\/a><\/p>\r\n<p style=\"text-align: center\">K\u00f6sz\u00f6n\u00f6m,hogy ben\u00e9zt\u00e9l hozz\u00e1m!<\/p>\r\n<p style=\"text-align: center\">Ha \u00e9rtes\u00fclni szeretn\u00e9l az \u00faj bejegyz\u00e9sekr\u0151l,kattints a Facebook-on is!<\/p>\r\n<p style=\"text-align: center\"><a title=\"https:\/\/www.facebook.com\/REtikul\" href=\"https:\/\/www.facebook.com\/REtikul\" target=\"_blank\">https:\/\/www.facebook.com\/REtikul<\/a><\/p>","type":"rich"}