{"version":"1.0","provider_name":"REtik\u00fcl \u00e9s ami belef\u00e9r...","provider_url":"https:\/\/retikul.cafeblog.hu","author_name":"REtik\u00fcl","author_url":"https:\/\/retikul.cafeblog.hu\/author\/viragh_krisztina\/","title":"Gy\u00farjunk gombot","html":"<p style=\"text-align: center\">M\u00e1r kor\u00e1bban is pr\u00f3b\u00e1ltunk gyurm\u00e1b\u00f3l apr\u00f3 figur\u00e1kat,med\u00e1lokat k\u00e9sz\u00edteni.<\/p>\r\n<p style=\"text-align: center\">\u00a0<\/p>\r\n<p style=\"text-align: center\">Most pedig gombokat gy\u00fartunk.Sima Play-Doh gyurm\u00e1t haszn\u00e1ltunk most is.<\/p>\r\n<p style=\"text-align: center\"><a href=\"https:\/\/retikul.cafeblog.hu\/files\/2014\/05\/PhotoGrid_1400749849321.jpg\"><img class=\"aligncenter size-medium wp-image-1618\" src=\"https:\/\/retikul.cafeblog.hu\/files\/2014\/05\/PhotoGrid_1400749849321-300x188.jpg\" alt=\"PhotoGrid_1400749849321\" width=\"300\" height=\"188\" \/><\/a><\/p>\r\n<p style=\"text-align: center\">Megform\u00e1ztuk tetsz\u0151legesen a gombokat,fogv\u00e1j\u00f3val lyukasztottam \u00e1t,majd kitett\u00fck sz\u00e1radni a napra(n\u00e9h\u00e1nyszor megford\u00edtottam).Kb.k\u00e9t nap alatt teljesen megsz\u00e1radt(s\u00fct\u0151ben gyorsabb).<\/p>\r\n<p style=\"text-align: center\">\u00cdm a vid\u00e1m,vicces ny\u00e1ri gombok:<\/p>\r\n<p style=\"text-align: center\"><a href=\"https:\/\/retikul.cafeblog.hu\/files\/2014\/05\/PhotoGrid_1400675113761.jpg\"><img class=\"aligncenter size-medium wp-image-1612\" src=\"https:\/\/retikul.cafeblog.hu\/files\/2014\/05\/PhotoGrid_1400675113761-300x225.jpg\" alt=\"PhotoGrid_1400675113761\" width=\"300\" height=\"225\" \/><\/a><\/p>\r\n<p style=\"text-align: center\"><a href=\"https:\/\/retikul.cafeblog.hu\/files\/2014\/05\/PhotoGrid_1400675168217.jpg\"><img class=\"aligncenter size-medium wp-image-1613\" src=\"https:\/\/retikul.cafeblog.hu\/files\/2014\/05\/PhotoGrid_1400675168217-300x225.jpg\" alt=\"PhotoGrid_1400675168217\" width=\"300\" height=\"225\" \/><\/a><\/p>\r\n<p style=\"text-align: center\"><a href=\"https:\/\/retikul.cafeblog.hu\/files\/2014\/05\/PhotoGrid_1400677986675.jpg\"><img class=\"aligncenter size-medium wp-image-1614\" src=\"https:\/\/retikul.cafeblog.hu\/files\/2014\/05\/PhotoGrid_1400677986675-256x300.jpg\" alt=\"PhotoGrid_1400677986675\" width=\"256\" height=\"300\" \/><\/a><\/p>\r\n<p style=\"text-align: center\">Varrhatjuk t\u00e1sk\u00e1ra,p\u00f3l\u00f3ra,kalapra stb.Mi egyenl\u0151re k\u00e9t ny\u00e1ri t\u00e1sk\u00e1n haszn\u00e1ltuk:<\/p>\r\n<p style=\"text-align: center\"><a href=\"https:\/\/retikul.cafeblog.hu\/files\/2014\/05\/PhotoGrid_1400673499660.jpg\"><img class=\"aligncenter size-medium wp-image-1615\" src=\"https:\/\/retikul.cafeblog.hu\/files\/2014\/05\/PhotoGrid_1400673499660-300x298.jpg\" alt=\"PhotoGrid_1400673499660\" width=\"300\" height=\"298\" \/><\/a><\/p>\r\n<p style=\"text-align: center\">\u00a0<\/p>\r\n<p style=\"text-align: center\">K\u00f6sz\u00f6n\u00f6m,hogy ben\u00e9zt\u00e9l hozz\u00e1m!<\/p>\r\n<p style=\"text-align: center\">Ha szeretn\u00e9l \u00e9rtes\u00fclni a leg\u00fajabb bejegyz\u00e9sekr\u0151l,kattints a Facebook-on is!<\/p>\r\n<p style=\"text-align: center\"><a title=\"https:\/\/www.facebook.com\/REtikul\" href=\"https:\/\/www.facebook.com\/REtikul\" target=\"_blank\" rel=\"noopener noreferrer\">https:\/\/www.facebook.com\/REtikul<\/a><\/p>","type":"rich"}