{"version":"1.0","provider_name":"REtik\u00fcl \u00e9s ami belef\u00e9r...","provider_url":"https:\/\/retikul.cafeblog.hu","author_name":"REtik\u00fcl","author_url":"https:\/\/retikul.cafeblog.hu\/author\/viragh_krisztina\/","title":"Filctoll paca","html":"<p style=\"text-align: center\">Sokszor hajlamosak vagyunk a gyerekeknek megmondani k\u00fcl\u00f6nb\u00f6z\u0151, nyomhagy\u00f3 eszk\u00f6z\u00f6k haszn\u00e1lat\u00e1n\u00e1l(filctoll,zs\u00edrkr\u00e9ta,ceruza,ecset stb.)...\u00edgy fogd,\u00fagy fogd,\u00edgy helyes,\u00edgy haszn\u00e1ld...stb.<\/p>\r\n<p style=\"text-align: center\">Szerintem nem kell mindig megmondani,hadd pr\u00f3b\u00e1lja,hadd k\u00eds\u00e9rletezzen.<\/p>\r\n<p style=\"text-align: center\">Tal\u00e1n mi,feln\u0151ttek is tanulhatunk a kicsikt\u0151l.<\/p>\r\n<p style=\"text-align: center\">Sokszor olyan megold\u00e1sokat alkalmaznak,ami nek\u00fcnk feln\u0151tteknek esz\u00fcnkbe sem jut.<\/p>\r\n<p style=\"text-align: center\">\u00cdgy volt ez esetben is.<\/p>\r\n<p style=\"text-align: center\">B\u00e1r lehet csak nekem \u00fajdons\u00e1g,de \u00e9n m\u00e9g \u00edgy nem haszn\u00e1ltam filctollat.<\/p>\r\n<p style=\"text-align: center\">Adott egy vastag filctoll(ez esetben spar saj\u00e1t m\u00e1rk\u00e1s).<\/p>\r\n<p style=\"text-align: center\">Fogja a gyerk\u0151c \u00e9s nem vonalat h\u00faz vele,hanem fentr\u0151l,egyenes mozdulattal,enyh\u00e9n oda v\u00e1gja \u00a0a hegy\u00e9t a pap\u00edrhoz.<\/p>\r\n<p style=\"text-align: center\">Csod\u00e1s kis fest\u00e9k placnik kerekednek!<\/p>\r\n<p style=\"text-align: center\">Ez \u00e1m a j\u00f3 m\u00f3ka!<\/p>\r\n<p style=\"text-align: center\">Pac\u00e1zzunk h\u00e1t kedv\u00fcnkre!<\/p>\r\n<p style=\"text-align: center\"><a href=\"https:\/\/retikul.cafeblog.hu\/files\/2014\/12\/IMG_9911_resize.jpg\"><img class=\"aligncenter wp-image-3690 size-large\" src=\"https:\/\/retikul.cafeblog.hu\/files\/2014\/12\/IMG_9911_resize-400x600.jpg\" alt=\"IMG_9911_resize\" width=\"400\" height=\"600\" \/><\/a><\/p>\r\n<p style=\"text-align: center\"><a href=\"https:\/\/retikul.cafeblog.hu\/files\/2014\/12\/IMG_9913_resize.jpg\"><img class=\"aligncenter wp-image-3691 size-large\" src=\"https:\/\/retikul.cafeblog.hu\/files\/2014\/12\/IMG_9913_resize-600x450.jpg\" alt=\"IMG_9913_resize\" width=\"600\" height=\"450\" \/><\/a><\/p>\r\n<p style=\"text-align: center\"><a href=\"https:\/\/retikul.cafeblog.hu\/files\/2014\/12\/IMG_9917_resize.jpg\"><img class=\"aligncenter wp-image-3692 size-large\" src=\"https:\/\/retikul.cafeblog.hu\/files\/2014\/12\/IMG_9917_resize-400x600.jpg\" alt=\"IMG_9917_resize\" width=\"400\" height=\"600\" \/><\/a><\/p>\r\n<p style=\"text-align: center\"><a href=\"https:\/\/retikul.cafeblog.hu\/files\/2014\/12\/IMG_9921_resize.jpg\"><img class=\"aligncenter wp-image-3693 size-large\" src=\"https:\/\/retikul.cafeblog.hu\/files\/2014\/12\/IMG_9921_resize-400x600.jpg\" alt=\"IMG_9921_resize\" width=\"400\" height=\"600\" \/><\/a><\/p>\r\n<p style=\"text-align: center\"><a href=\"https:\/\/retikul.cafeblog.hu\/files\/2014\/12\/IMG_9937_resize.jpg\"><img class=\"aligncenter wp-image-3695 size-large\" src=\"https:\/\/retikul.cafeblog.hu\/files\/2014\/12\/IMG_9937_resize-600x400.jpg\" alt=\"IMG_9937_resize\" width=\"600\" height=\"400\" \/><\/a><\/p>\r\n<p style=\"text-align: center\">K\u00f6sz\u00f6n\u00f6m,hogy ben\u00e9zt\u00e9l hozz\u00e1m!<\/p>\r\n<p style=\"text-align: center\">A Facebook-on is megtal\u00e1lsz!<\/p>\r\n<p style=\"text-align: center\"><a title=\"https:\/\/www.facebook.com\/REtikul\" href=\"https:\/\/www.facebook.com\/REtikul\" target=\"_blank\">https:\/\/www.facebook.com\/REtikul<\/a><\/p>\r\n<p style=\"text-align: center\">\u00a0<\/p>","type":"rich"}