{"version":"1.0","provider_name":"REtik\u00fcl \u00e9s ami belef\u00e9r...","provider_url":"https:\/\/retikul.cafeblog.hu","author_name":"REtik\u00fcl","author_url":"https:\/\/retikul.cafeblog.hu\/author\/viragh_krisztina\/","title":"Rozsd\u00e1s retik\u00fcl","html":"<p style=\"text-align: center\">A kedvenc 'retik\u00fcl\u00f6m',val\u00f3j\u00e1ban nem t\u00e1ska,de olyan a form\u00e1ja...<\/p>\r\n<p style=\"text-align: center\">Eredetileg apuk\u00e1m haszn\u00e1lta hal\u00e1szl\u00e9 f\u0151z\u00e9shez,az volt az eredeti rendeltet\u00e9se.Ebbe rakt\u00e1k a hal darabokat,hogy ne essen sz\u00e9t,amikor a lev\u00e9t kevergetik.<\/p>\r\n<p style=\"text-align: center\">(Volt m\u00e1r err\u0151l egy bejegyz\u00e9s r\u00e9gebben,de siker\u00fclt elt\u00fcntetnem..Ennek pedig itt a helye,mert az egyik kedvenc r\u00e9gi t\u00e1rgyam.)<\/p>\r\n<p style=\"text-align: center\">A padl\u00e1son tal\u00e1ltam.<\/p>\r\n<p style=\"text-align: center\">Letiszt\u00edtottam.<\/p>\r\n<p style=\"text-align: center\">Kapott egy kis fekete t\u00e1blafest\u00e9ket \u00e9s m\u00e1ris mehet a 'b\u00e1lba'.<\/p>\r\n<p style=\"text-align: center\">Ilyen volt:<\/p>\r\n<p style=\"text-align: center\"><a href=\"https:\/\/retikul.cafeblog.hu\/files\/2014\/05\/PhotoGrid_1400587386599.jpg\" rel=\"attachment wp-att-1553\"><img class=\"aligncenter wp-image-1553 size-large\" src=\"https:\/\/retikul.cafeblog.hu\/files\/2014\/05\/PhotoGrid_1400587386599-436x600.jpg\" alt=\"PhotoGrid_1400587386599\" width=\"436\" height=\"600\" \/><\/a><\/p>\r\n<p style=\"text-align: center\">Ilyen lett:<\/p>\r\n<p style=\"text-align: center\"><a href=\"https:\/\/retikul.cafeblog.hu\/files\/2014\/05\/PhotoGrid_1400587507816.jpg\" rel=\"attachment wp-att-1554\"><img class=\"aligncenter wp-image-1554 size-large\" src=\"https:\/\/retikul.cafeblog.hu\/files\/2014\/05\/PhotoGrid_1400587507816-449x600.jpg\" alt=\"PhotoGrid_1400587507816\" width=\"449\" height=\"600\" \/><\/a><\/p>\r\n<p style=\"text-align: center\">Volt benne cserk\u00f3,alma:<\/p>\r\n<p style=\"text-align: center\"><a href=\"https:\/\/retikul.cafeblog.hu\/files\/2014\/05\/PhotoGrid_1400587966635.jpg\" rel=\"attachment wp-att-1557\"><img class=\"aligncenter wp-image-1557 size-large\" src=\"https:\/\/retikul.cafeblog.hu\/files\/2014\/05\/PhotoGrid_1400587966635-449x600.jpg\" alt=\"PhotoGrid_1400587966635\" width=\"449\" height=\"600\" \/><\/a><\/p>\r\n<p style=\"text-align: center\">...kicsi m\u00e9cses:<\/p>\r\n<p style=\"text-align: center\"><a href=\"https:\/\/retikul.cafeblog.hu\/files\/2014\/05\/PhotoGrid_1400588240193.jpg\" rel=\"attachment wp-att-1559\"><img class=\"aligncenter wp-image-1559 size-large\" src=\"https:\/\/retikul.cafeblog.hu\/files\/2014\/05\/PhotoGrid_1400588240193-600x450.jpg\" alt=\"PhotoGrid_1400588240193\" width=\"600\" height=\"450\" \/><\/a><\/p>\r\n<p style=\"text-align: center\">...nagy gyertya,sok di\u00f3val:<\/p>\r\n<p style=\"text-align: center\"><a href=\"https:\/\/retikul.cafeblog.hu\/files\/2014\/11\/IMG_7059_resize.jpg\" rel=\"attachment wp-att-3214\"><img class=\"aligncenter wp-image-3214 size-large\" src=\"https:\/\/retikul.cafeblog.hu\/files\/2014\/11\/IMG_7059_resize-600x413.jpg\" alt=\"IMG_7059_resize\" width=\"600\" height=\"413\" \/><\/a><\/p>\r\n<p style=\"text-align: center\">\u00a0...\u00e9s most n\u00e9h\u00e1ny szem citrom:<\/p>\r\n<p style=\"text-align: center\"><a href=\"https:\/\/retikul.cafeblog.hu\/files\/2015\/03\/IMG_5172_resize.jpg\" rel=\"attachment wp-att-4231\"><img class=\"aligncenter wp-image-4231 size-large\" src=\"https:\/\/retikul.cafeblog.hu\/files\/2015\/03\/IMG_5172_resize-600x401.jpg\" alt=\"IMG_5172_resize\" width=\"600\" height=\"401\" \/><\/a><\/p>\r\n<p style=\"text-align: center\"><a href=\"https:\/\/retikul.cafeblog.hu\/files\/2015\/03\/IMG_5163_resize.jpg\" rel=\"attachment wp-att-4230\"><img class=\"aligncenter wp-image-4230 size-large\" src=\"https:\/\/retikul.cafeblog.hu\/files\/2015\/03\/IMG_5163_resize-401x600.jpg\" alt=\"IMG_5163_resize\" width=\"401\" height=\"600\" \/><\/a><\/p>\r\n<p style=\"text-align: center\"><a href=\"https:\/\/retikul.cafeblog.hu\/files\/2015\/03\/IMG_5193_resize.jpg\" rel=\"attachment wp-att-4232\"><img class=\"aligncenter wp-image-4232 size-large\" src=\"https:\/\/retikul.cafeblog.hu\/files\/2015\/03\/IMG_5193_resize-600x401.jpg\" alt=\"IMG_5193_resize\" width=\"600\" height=\"401\" \/><\/a><\/p>\r\n<p style=\"text-align: center\">Szerintem minden j\u00f3l mutat benne.<\/p>\r\n<p style=\"text-align: center\">K\u00f6sz\u00f6n\u00f6m,hogy ben\u00e9zt\u00e9l hozz\u00e1m!<\/p>\r\n<p style=\"text-align: center\">A Facebook-on is megtal\u00e1lsz:<\/p>\r\n<p style=\"text-align: center\"><a title=\"https:\/\/www.facebook.com\/REtikul\" href=\"https:\/\/www.facebook.com\/REtikul\" target=\"_blank\">https:\/\/www.facebook.com\/REtikul<\/a><\/p>\r\n<p style=\"text-align: center\">\u00a0<\/p>\r\n<p style=\"text-align: center\">\u00a0<\/p>","type":"rich"}