{"version":"1.0","provider_name":"REtik\u00fcl \u00e9s ami belef\u00e9r...","provider_url":"https:\/\/retikul.cafeblog.hu","author_name":"REtik\u00fcl","author_url":"https:\/\/retikul.cafeblog.hu\/author\/viragh_krisztina\/","title":"Fut\u00f3bic\u00f3-\u00faj\u00edtsd fel!","html":"<p style=\"text-align: center\">A m\u00e1sod sz\u00fcl\u00f6tt gyerk\u0151cre gyakran viccelve mondj\u00e1k,hogy 'szeg\u00e9ny h\u00e1tr\u00e1nyos helyzet\u0171'...mert sok mindent 'm\u00e1sod k\u00e9zb\u0151l' kap,meg\u00f6r\u00f6k\u00f6l az els\u0151t\u0151l...<\/p>\r\n<p style=\"text-align: center\">Az\u00e9rt (<del>sokszor )\u00a0<\/del>van amikor kifejezetten j\u00f3l j\u00e1r,ha \u00f6r\u00f6k\u00f6l valamit.<\/p>\r\n<p style=\"text-align: center\">P\u00e9ld\u00e1ul n\u00e1lunk,ezt a fut\u00f3bic\u00f3t.<\/p>\r\n<p style=\"text-align: center\">El\u00e9gg\u00e9 leharcolt \u00e1llapotban volt,ami egy\u00e9rtelm\u0171v\u00e9 tette,hogy egy kicsit 'kipofozzuk'.<\/p>\r\n<p style=\"text-align: center\">A k\u00edv\u00e1ns\u00e1g az \u00e1talak\u00edt\u00e1ssal kapcsolatban,a h\u00e1rom \u00e9vesemt\u0151l ennyi volt:'Jegyen benne szivecste \u00e9s p\u00f6tty!'<\/p>\r\n<p style=\"text-align: center\">Sz\u00fcks\u00e9geltetik egy \u00fcgyes Apuka,aki sz\u00e9tszedi darabjaira \u00e9s term\u00e9szetesen meg is jegyzi,mit hov\u00e1 kell vissza csavarozni \u00e9s persze a v\u00e9g\u00e9n \u00f6ssze is szereli :) .<\/p>\r\n<p style=\"text-align: center\">N\u00e9h\u00e1ny fot\u00f3 az el\u0151tte \u00e1llapotr\u00f3l.Nap sz\u00edtta kerekek,kopott,sz\u00fcrk\u00fclt fa r\u00e9szek,szakadt \u00fcl\u00e9shuzat,rozsd\u00e1s csavarok...<\/p>\r\n<p style=\"text-align: center\">\u00a0<\/p>\r\n<p style=\"text-align: center\"><a href=\"https:\/\/retikul.cafeblog.hu\/files\/2015\/06\/20150524_182539_resize.jpg\"><img class=\"aligncenter wp-image-4765 size-large\" src=\"https:\/\/retikul.cafeblog.hu\/files\/2015\/06\/20150524_182539_resize-600x338.jpg\" alt=\"20150524_182539_resize\" width=\"600\" height=\"338\" \/><\/a><\/p>\r\n<p style=\"text-align: center\"><a href=\"https:\/\/retikul.cafeblog.hu\/files\/2015\/06\/20150524_185201-1_resize.jpg\"><img class=\"aligncenter wp-image-4766 size-large\" src=\"https:\/\/retikul.cafeblog.hu\/files\/2015\/06\/20150524_185201-1_resize-295x600.jpg\" alt=\"20150524_185201 (1)_resize\" width=\"295\" height=\"600\" \/><\/a><\/p>\r\n<p style=\"text-align: center\"><a href=\"https:\/\/retikul.cafeblog.hu\/files\/2015\/06\/IMG_4228_resize.jpg\"><img class=\"aligncenter wp-image-4779 size-large\" src=\"https:\/\/retikul.cafeblog.hu\/files\/2015\/06\/IMG_4228_resize-600x400.jpg\" alt=\"IMG_4228_resize\" width=\"600\" height=\"400\" \/><\/a><\/p>\r\n<p style=\"text-align: center\"><a href=\"https:\/\/retikul.cafeblog.hu\/files\/2015\/06\/IMG_4221_resize.jpg\"><img class=\"aligncenter wp-image-4778 size-large\" src=\"https:\/\/retikul.cafeblog.hu\/files\/2015\/06\/IMG_4221_resize-400x600.jpg\" alt=\"IMG_4221_resize\" width=\"400\" height=\"600\" \/><\/a><\/p>\r\n<p style=\"text-align: center\"><a href=\"https:\/\/retikul.cafeblog.hu\/files\/2015\/06\/20150524_190241_resize.jpg\"><img class=\"aligncenter wp-image-4767 size-large\" src=\"https:\/\/retikul.cafeblog.hu\/files\/2015\/06\/20150524_190241_resize-600x387.jpg\" alt=\"20150524_190241_resize\" width=\"600\" height=\"387\" \/><\/a><\/p>\r\n<p style=\"text-align: center\">\u00a0A megl\u00e9v\u0151 fest\u00e9k k\u00e9szletemb\u0151l haszn\u00e1ltam.<\/p>\r\n<p style=\"text-align: center\">\u00cdgy azt\u00e1n t\u00f6bbf\u00e9le fest\u00e9k ker\u00fclt r\u00e1,miut\u00e1n visszacsiszoltam k\u00fcl\u00f6n-k\u00fcl\u00f6n a r\u00e9szeit:<\/p>\r\n<p style=\"text-align: center\">-a fa r\u00e9szekre Pentart akril,tejesk\u00e1v\u00e9 sz\u00ednben;<\/p>\r\n<p style=\"text-align: center\">illetve Pentart dekor paint soft burgundi v\u00f6r\u00f6s(amibe kevertem egy kis feket\u00e9t,hogy s\u00f6t\u00e9tebb legyen);<\/p>\r\n<p style=\"text-align: center\">-a fest\u00e9kr\u00e9tegek k\u00f6z\u00e9 Pentart vintage effect ker\u00fclt,a k\u00f6nnyebb koptathat\u00f3s\u00e1g v\u00e9gett;<\/p>\r\n<p style=\"text-align: center\">-a m\u0171anyag kerekekre Annie Sloan chalk paint,kr\u00e9m sz\u00edn ker\u00fclt,<\/p>\r\n<p style=\"text-align: center\">amit antikoltam egy kis pentartos anik paszt\u00e1val;<\/p>\r\n<p style=\"text-align: center\">-a v\u00e9g\u00e9n viaszos lakkzsel\u00e9vel(Esprimo,most haszn\u00e1ltam ilyet el\u0151sz\u00f6r..legink\u00e1bb a waxhoz hasonl\u00edt az \u00e1llaga \u00e9s az eredm\u00e9nye is) d\u00f6rzs\u00f6ltem \u00e1t.<\/p>\r\n<p style=\"text-align: center\">K\u00e9pek munka k\u00f6zben...<\/p>\r\n<p style=\"text-align: center\">A csavarokat rozsdamar\u00f3ztuk:<\/p>\r\n<p style=\"text-align: center\"><a href=\"https:\/\/retikul.cafeblog.hu\/files\/2015\/06\/20150531_111512_resize.jpg\"><img class=\"aligncenter wp-image-4768 size-large\" src=\"https:\/\/retikul.cafeblog.hu\/files\/2015\/06\/20150531_111512_resize-600x338.jpg\" alt=\"20150531_111512_resize\" width=\"600\" height=\"338\" \/><\/a><\/p>\r\n<p style=\"text-align: center\">Term\u00e9szetesen a leend\u0151 tulaj is kivette a r\u00e9sz\u00e9t a munk\u00e1b\u00f3l:<\/p>\r\n<p style=\"text-align: center\"><a href=\"https:\/\/retikul.cafeblog.hu\/files\/2015\/06\/IMG_4169_resize.jpg\"><img class=\"aligncenter wp-image-4769 size-large\" src=\"https:\/\/retikul.cafeblog.hu\/files\/2015\/06\/IMG_4169_resize-600x400.jpg\" alt=\"IMG_4169_resize\" width=\"600\" height=\"400\" \/><\/a><\/p>\r\n<p style=\"text-align: center\">Vari\u00e1ltam a k\u00e9t sz\u00ednt.Az oldals\u00f3 elemekre a kr\u00e9m sz\u00edn ker\u00fclt alulra,r\u00e1 a s\u00f6t\u00e9t burgundi.A front elemre pedig ford\u00edtva.A k\u00e9t fest\u00e9kr\u00e9teg k\u00f6z\u00e9 pedig Pentart vintage effect-et haszn\u00e1ltam,a k\u00f6nnyebb koptathat\u00f3s\u00e1g \u00e9rdek\u00e9ben.<\/p>\r\n<p style=\"text-align: center\"><a href=\"https:\/\/retikul.cafeblog.hu\/files\/2015\/06\/IMG_4171_resize.jpg\"><img class=\"aligncenter wp-image-4770 size-large\" src=\"https:\/\/retikul.cafeblog.hu\/files\/2015\/06\/IMG_4171_resize-600x400.jpg\" alt=\"IMG_4171_resize\" width=\"600\" height=\"400\" \/><\/a><\/p>\r\n<p style=\"text-align: center\">A kerekekre ASCP ker\u00fclt,k\u00e9t r\u00e9tegben.<\/p>\r\n<p style=\"text-align: center\"><a href=\"https:\/\/retikul.cafeblog.hu\/files\/2015\/06\/IMG_4189_resize.jpg\"><img class=\"aligncenter wp-image-4774 size-large\" src=\"https:\/\/retikul.cafeblog.hu\/files\/2015\/06\/IMG_4189_resize-600x400.jpg\" alt=\"IMG_4189_resize\" width=\"600\" height=\"400\" \/><\/a><\/p>\r\n<p style=\"text-align: center\">Antikoltam pentartos antikol\u00f3 paszt\u00e1val.Az ujjammal kenegettem,csak finoman,itt-ott.<\/p>\r\n<p style=\"text-align: center\"><a href=\"https:\/\/retikul.cafeblog.hu\/files\/2015\/06\/IMG_4216_resize.jpg\"><img class=\"aligncenter wp-image-4775 size-large\" src=\"https:\/\/retikul.cafeblog.hu\/files\/2015\/06\/IMG_4216_resize-600x400.jpg\" alt=\"IMG_4216_resize\" width=\"600\" height=\"400\" \/><\/a><\/p>\r\n<p style=\"text-align: center\">\u00a0<\/p>\r\n<p style=\"text-align: center\"><a href=\"https:\/\/retikul.cafeblog.hu\/files\/2015\/06\/IMG_4266_resize.jpg\"><img class=\"aligncenter wp-image-4781 size-large\" src=\"https:\/\/retikul.cafeblog.hu\/files\/2015\/06\/IMG_4266_resize-600x400.jpg\" alt=\"IMG_4266_resize\" width=\"600\" height=\"400\" \/><\/a><\/p>\r\n<p style=\"text-align: center\"><a href=\"https:\/\/retikul.cafeblog.hu\/files\/2015\/06\/IMG_4179_resize.jpg\"><img class=\"aligncenter wp-image-4771 size-large\" src=\"https:\/\/retikul.cafeblog.hu\/files\/2015\/06\/IMG_4179_resize-529x600.jpg\" alt=\"IMG_4179_resize\" width=\"529\" height=\"600\" \/><\/a><\/p>\r\n<p style=\"text-align: center\">A korm\u00e1nyra \u00faj foganty\u00fat tett\u00fcnk.<\/p>\r\n<p style=\"text-align: center\"><a href=\"https:\/\/retikul.cafeblog.hu\/files\/2015\/06\/IMG_4217_resize.jpg\"><img class=\"aligncenter wp-image-4776 size-large\" src=\"https:\/\/retikul.cafeblog.hu\/files\/2015\/06\/IMG_4217_resize-400x600.jpg\" alt=\"IMG_4217_resize\" width=\"400\" height=\"600\" \/><\/a><\/p>\r\n<p style=\"text-align: center\"><a href=\"https:\/\/retikul.cafeblog.hu\/files\/2015\/06\/IMG_4219_resize.jpg\"><img class=\"aligncenter wp-image-4777 size-large\" src=\"https:\/\/retikul.cafeblog.hu\/files\/2015\/06\/IMG_4219_resize-600x400.jpg\" alt=\"IMG_4219_resize\" width=\"600\" height=\"400\" \/><\/a><\/p>\r\n<p style=\"text-align: center\">A sz\u00e9leket er\u0151sebben,a t\u00f6bbi r\u00e9sz\u00e9t finomabban visszacsiszoltam smirglivel.<\/p>\r\n<p style=\"text-align: center\"><a href=\"https:\/\/retikul.cafeblog.hu\/files\/2015\/06\/IMG_4180_resize.jpg\"><img class=\"aligncenter wp-image-4772 size-large\" src=\"https:\/\/retikul.cafeblog.hu\/files\/2015\/06\/IMG_4180_resize-600x400.jpg\" alt=\"IMG_4180_resize\" width=\"600\" height=\"400\" \/><\/a><\/p>\r\n<p style=\"text-align: center\">F\u00fcltiszt\u00edt\u00f3p\u00e1lcik\u00e1val p\u00f6tty\u00f6ztem,sz\u00e1rad\u00e1s ut\u00e1n a p\u00f6tty\u00f6ket is megsimogattam egy kis smirglivel.<\/p>\r\n<p style=\"text-align: center\"><a href=\"https:\/\/retikul.cafeblog.hu\/files\/2015\/06\/IMG_4182_resize.jpg\"><img class=\"aligncenter wp-image-4773 size-large\" src=\"https:\/\/retikul.cafeblog.hu\/files\/2015\/06\/IMG_4182_resize-400x600.jpg\" alt=\"IMG_4182_resize\" width=\"400\" height=\"600\" \/><\/a><\/p>\r\n<p style=\"text-align: center\">\u00a0Az \u00fcl\u00e9st \u00fajra 'h\u00faztuk'.T\u0171z\u0151g\u00e9ppel a r\u00e9gire ker\u00fclt egy \u00fajabb r\u00e9teg(term\u00e9szetesen sz\u00ednben passzol\u00f3).<\/p>\r\n<p style=\"text-align: center\"><a href=\"https:\/\/retikul.cafeblog.hu\/files\/2015\/06\/IMG_4230_resize.jpg\"><img class=\"aligncenter wp-image-4780 size-large\" src=\"https:\/\/retikul.cafeblog.hu\/files\/2015\/06\/IMG_4230_resize-400x600.jpg\" alt=\"IMG_4230_resize\" width=\"400\" height=\"600\" \/><\/a><\/p>\r\n<p style=\"text-align: center\">\u00a0...\u00e9s k\u00e9sz!<\/p>\r\n<p style=\"text-align: center\"><a href=\"https:\/\/retikul.cafeblog.hu\/files\/2015\/06\/IMG_5437_resize.jpg\"><img class=\"aligncenter wp-image-4782 size-large\" src=\"https:\/\/retikul.cafeblog.hu\/files\/2015\/06\/IMG_5437_resize-600x400.jpg\" alt=\"IMG_5437_resize\" width=\"600\" height=\"400\" \/><\/a><\/p>\r\n<p style=\"text-align: center\"><a href=\"https:\/\/retikul.cafeblog.hu\/files\/2015\/06\/IMG_5438_resize.jpg\"><img class=\"aligncenter wp-image-4783 size-large\" src=\"https:\/\/retikul.cafeblog.hu\/files\/2015\/06\/IMG_5438_resize-400x600.jpg\" alt=\"IMG_5438_resize\" width=\"400\" height=\"600\" \/><\/a><\/p>\r\n<p style=\"text-align: center\"><a href=\"https:\/\/retikul.cafeblog.hu\/files\/2015\/06\/IMG_5450_resize.jpg\"><img class=\"aligncenter wp-image-4788 size-large\" src=\"https:\/\/retikul.cafeblog.hu\/files\/2015\/06\/IMG_5450_resize-600x400.jpg\" alt=\"IMG_5450_resize\" width=\"600\" height=\"400\" \/><\/a><\/p>\r\n<p style=\"text-align: center\"><a href=\"https:\/\/retikul.cafeblog.hu\/files\/2015\/06\/IMG_5442_resize.jpg\"><img class=\"aligncenter wp-image-4784 size-large\" src=\"https:\/\/retikul.cafeblog.hu\/files\/2015\/06\/IMG_5442_resize-600x400.jpg\" alt=\"IMG_5442_resize\" width=\"600\" height=\"400\" \/><\/a><\/p>\r\n<p style=\"text-align: center\"><a href=\"https:\/\/retikul.cafeblog.hu\/files\/2015\/06\/IMG_5443_resize.jpg\"><img class=\"aligncenter wp-image-4785 size-large\" src=\"https:\/\/retikul.cafeblog.hu\/files\/2015\/06\/IMG_5443_resize-600x400.jpg\" alt=\"IMG_5443_resize\" width=\"600\" height=\"400\" \/><\/a><\/p>\r\n<p style=\"text-align: center\"><a href=\"https:\/\/retikul.cafeblog.hu\/files\/2015\/06\/IMG_5446_resize.jpg\"><img class=\"aligncenter wp-image-4786 size-large\" src=\"https:\/\/retikul.cafeblog.hu\/files\/2015\/06\/IMG_5446_resize-600x400.jpg\" alt=\"IMG_5446_resize\" width=\"600\" height=\"400\" \/><\/a><\/p>\r\n<p style=\"text-align: center\"><a href=\"https:\/\/retikul.cafeblog.hu\/files\/2015\/06\/IMG_5474.jpg\"><img class=\"aligncenter wp-image-4789 size-large\" src=\"https:\/\/retikul.cafeblog.hu\/files\/2015\/06\/IMG_5474-400x600.jpg\" alt=\"IMG_5474\" width=\"400\" height=\"600\" \/><\/a><\/p>\r\n<p style=\"text-align: center\">\u00a0M\u00e1r csak a buk\u00f3sisakot kell \u00e1tfestenem :D !<\/p>\r\n<p style=\"text-align: center\">K\u00f6sz\u00f6n\u00f6m,hogy ben\u00e9zt\u00e9l hozz\u00e1m!<\/p>\r\n<p style=\"text-align: center\">A Fb.on is megtal\u00e1lsz:<\/p>\r\n<p style=\"text-align: center\"><a href=\"https:\/\/www.facebook.com\/REtikul\" target=\"_blank\">https:\/\/www.facebook.com\/REtikul<\/a><\/p>\r\n<p style=\"text-align: center\">\u00a0<\/p>","type":"rich"}