{"version":"1.0","provider_name":"REtik\u00fcl \u00e9s ami belef\u00e9r...","provider_url":"https:\/\/retikul.cafeblog.hu","author_name":"REtik\u00fcl","author_url":"https:\/\/retikul.cafeblog.hu\/author\/viragh_krisztina\/","title":"Lomis b\u0151r\u00f6nd,turis kos\u00e1r","html":"<p style=\"text-align: center\">Lehet sz\u00e9ps\u00e9ges,\u00faj t\u00e1rol\u00f3dobozokat,kosarakat\u00a0v\u00e1s\u00e1rolni...olyan nagy a k\u00edn\u00e1lat,hogy az ember v\u00e1lasztani is alig b\u00edr.<\/p>\r\n<p style=\"text-align: center\">De ,ha az '\u00f6l\u00fcnkbe pottyan' egy j\u00f3 kis \u00fajrahasznos\u00edt\u00e1sra v\u00e1r\u00f3 darab,ami pont megfelel\u0151 lehet t\u00e1rol\u00e1sra,mindez ingyen vagy nagyon jut\u00e1nyos \u00e1ron...akkor ink\u00e1bb ezt v\u00e1lasztom!<\/p>\r\n<p style=\"text-align: center\">\u00cdgy volt ezzel a k\u00e9k b\u0151r\u00f6nddel is.Lomiztam...erre a pakkra m\u00e9g \u00e9pp nem csaptak le.<\/p>\r\n<p style=\"text-align: center\">A kos\u00e1rk\u00e1t (vagy lehet anno t\u00e1ska,sz\u00fcty\u0151 volt...vmi b\u0151r kis akaszt\u00f3szer\u0171b\u0151l \u00edt\u00e9lve) pedig turiztam 300ft-\u00e9rt.<\/p>\r\n<p style=\"text-align: center\">Sz\u00f3val enn\u00e9l olcs\u00f3bban biztos nem tal\u00e1ltam volna k\u00e9t ilyen szuper t\u00e1rol\u00e1sra alkalmas dolgot!<\/p>\r\n<p style=\"text-align: center\">Nem volt k\u00e9rd\u00e9s hov\u00e1 ker\u00fcl,ahol a legink\u00e1bb sz\u00fcks\u00e9ges..m\u00fcty\u0171r\u00f6k,j\u00e1t\u00e9kok \u00e9s rendk\u00edv\u00fcl fontos kincsek t\u00e1rol\u00e1s\u00e1ra...a gyerekszob\u00e1ba...a 'tengerpartiba'..igen,ami m\u00e9g mindig nincs teljesen k\u00e9sz...\u00e9s amit m\u00e9g mindig nem mutattam meg a teljes val\u00f3j\u00e1ban.<\/p>\r\n<p style=\"text-align: center\">(M\u00e1r csak az \u00e1gyakat kellene homokf\u00fajni...amihez ugyan van homokf\u00fav\u00f3,de megfelel\u0151 kompresszor nincs,a fest\u00e9s,koptat\u00e1s meg m\u00e1r pikk-pakk menne....sz\u00f3val ennyin m\u00falik a K\u00c9SZ...)<\/p>\r\n<p style=\"text-align: center\">No,de t\u00e9rj\u00fcnk vissza az eredeti t\u00e1rgyhoz!<\/p>\r\n<p style=\"text-align: center\">\u00cdm ,a kiindul\u00f3 darabok...<\/p>\r\n<p style=\"text-align: center\">Lomis b\u0151r\u00f6nd:<\/p>\r\n<p style=\"text-align: center\"><a href=\"https:\/\/retikul.cafeblog.hu\/files\/2016\/04\/IMG_9747_resize.jpg\"><img class=\"aligncenter size-large wp-image-5755\" src=\"https:\/\/retikul.cafeblog.hu\/files\/2016\/04\/IMG_9747_resize-600x400.jpg\" alt=\"IMG_9747_resize\" width=\"600\" height=\"400\" \/><\/a><\/p>\r\n<p style=\"text-align: center\">Turis kos\u00e1r:<\/p>\r\n<p style=\"text-align: center\"><a href=\"https:\/\/retikul.cafeblog.hu\/files\/2016\/04\/IMG_9838_resize.jpg\"><img class=\"aligncenter size-large wp-image-5758\" src=\"https:\/\/retikul.cafeblog.hu\/files\/2016\/04\/IMG_9838_resize-477x600.jpg\" alt=\"IMG_9838_resize\" width=\"477\" height=\"600\" \/><\/a><\/p>\r\n<p style=\"text-align: center\">Mindkett\u0151 alapos tiszt\u00edt\u00e1son esett \u00e1t.<\/p>\r\n<p style=\"text-align: center\">A b\u0151r\u00f6nd egy r\u00e9sz\u00e9t sajnos ki kellett belezni.<\/p>\r\n<p style=\"text-align: center\">K\u00e9t r\u00e9teg gy\u00f6ny\u00f6r\u0171 mint\u00e1j\u00fa pap\u00edr is volt benne,de helyenk\u00e9nt igen foltos,rossz \u00e1llapot\u00fa.Persze,ahol lehetett meghagytam.<\/p>\r\n<p style=\"text-align: center\"><a href=\"https:\/\/retikul.cafeblog.hu\/files\/2016\/04\/IMG_9835_resize.jpg\"><img class=\"aligncenter size-large wp-image-5757\" src=\"https:\/\/retikul.cafeblog.hu\/files\/2016\/04\/IMG_9835_resize-600x400.jpg\" alt=\"IMG_9835_resize\" width=\"600\" height=\"400\" \/><\/a><\/p>\r\n<p style=\"text-align: center\"><a href=\"https:\/\/retikul.cafeblog.hu\/files\/2016\/04\/IMG_9833_resize.jpg\"><img class=\"aligncenter size-large wp-image-5756\" src=\"https:\/\/retikul.cafeblog.hu\/files\/2016\/04\/IMG_9833_resize-600x400.jpg\" alt=\"IMG_9833_resize\" width=\"600\" height=\"400\" \/><\/a><\/p>\r\n<p style=\"text-align: center\">A t\u00f6bbit ASCP cream sz\u00ednnel lefestettem.<\/p>\r\n<p style=\"text-align: center\"><a href=\"https:\/\/retikul.cafeblog.hu\/files\/2016\/04\/IMG_9839_resize.jpg\"><img class=\"aligncenter size-large wp-image-5759\" src=\"https:\/\/retikul.cafeblog.hu\/files\/2016\/04\/IMG_9839_resize-600x400.jpg\" alt=\"IMG_9839_resize\" width=\"600\" height=\"400\" \/><\/a><\/p>\r\n<p style=\"text-align: center\">...\u00e9s kapott n\u00e9h\u00e1ny cs\u00edkot,p\u00f6tty\u00f6t is,direkt szabad k\u00e9zzel,nem vonalz\u00f3ztam\/sablonoztam:<\/p>\r\n<p style=\"text-align: center\"><a href=\"https:\/\/retikul.cafeblog.hu\/files\/2016\/04\/IMG_9857_resize.jpg\"><img class=\"aligncenter size-large wp-image-5766\" src=\"https:\/\/retikul.cafeblog.hu\/files\/2016\/04\/IMG_9857_resize-400x600.jpg\" alt=\"IMG_9857_resize\" width=\"400\" height=\"600\" \/><\/a><\/p>\r\n<p style=\"text-align: center\">Persze enn\u00e9l j\u00f3val t\u00f6bb dolog fog beleker\u00fclni:<\/p>\r\n<p style=\"text-align: center\"><a href=\"https:\/\/retikul.cafeblog.hu\/files\/2016\/04\/IMG_9841_resize.jpg\"><img class=\"aligncenter size-large wp-image-5760\" src=\"https:\/\/retikul.cafeblog.hu\/files\/2016\/04\/IMG_9841_resize-400x600.jpg\" alt=\"IMG_9841_resize\" width=\"400\" height=\"600\" \/><\/a><\/p>\r\n<p style=\"text-align: center\"><a href=\"https:\/\/retikul.cafeblog.hu\/files\/2016\/04\/IMG_9855_resize.jpg\"><img class=\"aligncenter size-large wp-image-5765\" src=\"https:\/\/retikul.cafeblog.hu\/files\/2016\/04\/IMG_9855_resize-600x391.jpg\" alt=\"IMG_9855_resize\" width=\"600\" height=\"391\" \/><\/a><\/p>\r\n<p style=\"text-align: center\">K\u00edv\u00fclr\u0151l pedig,festettem r\u00e1 egy vasmacsk\u00e1t:<\/p>\r\n<p style=\"text-align: center\"><a href=\"https:\/\/retikul.cafeblog.hu\/files\/2016\/04\/IMG_9852_resize.jpg\"><img class=\"aligncenter size-large wp-image-5763\" src=\"https:\/\/retikul.cafeblog.hu\/files\/2016\/04\/IMG_9852_resize-600x400.jpg\" alt=\"IMG_9852_resize\" width=\"600\" height=\"400\" \/><\/a><\/p>\r\n<p style=\"text-align: center\"><a href=\"https:\/\/retikul.cafeblog.hu\/files\/2016\/04\/IMG_9853_resize.jpg\"><img class=\"aligncenter size-large wp-image-5764\" src=\"https:\/\/retikul.cafeblog.hu\/files\/2016\/04\/IMG_9853_resize-600x400.jpg\" alt=\"IMG_9853_resize\" width=\"600\" height=\"400\" \/><\/a><\/p>\r\n<p style=\"text-align: center\">A kos\u00e1rka is kapott egy ugyanilyet ill.a karim\u00e1j\u00e1t is befestettem:<\/p>\r\n<p style=\"text-align: center\"><a href=\"https:\/\/retikul.cafeblog.hu\/files\/2016\/04\/IMG_9845_resize.jpg\"><img class=\"aligncenter size-large wp-image-5761\" src=\"https:\/\/retikul.cafeblog.hu\/files\/2016\/04\/IMG_9845_resize-400x600.jpg\" alt=\"IMG_9845_resize\" width=\"400\" height=\"600\" \/><\/a><\/p>\r\n<p style=\"text-align: center\"><a href=\"https:\/\/retikul.cafeblog.hu\/files\/2016\/04\/IMG_9848_resize.jpg\"><img class=\"aligncenter size-large wp-image-5762\" src=\"https:\/\/retikul.cafeblog.hu\/files\/2016\/04\/IMG_9848_resize-400x600.jpg\" alt=\"IMG_9848_resize\" width=\"400\" height=\"600\" \/><\/a><\/p>\r\n<p style=\"text-align: center\">Nagyon tetszett a l\u00e1nyoknak \u00e9s m\u00e1r birtokba is vett\u00e9k.<\/p>\r\n<p style=\"text-align: center\">Az eddig elk\u00e9sz\u00fclt 'tengerparti' szoba r\u00e9szleteit <a href=\"https:\/\/retikul.cafeblog.hu\/2015\/11\/23\/tengerparti-gyerekszoba\/\" target=\"_blank\">ITT<\/a> megn\u00e9zheted!<\/p>\r\n<p style=\"text-align: center\">K\u00f6sz\u00f6n\u00f6m,hogy ben\u00e9zt\u00e9l hozz\u00e1m!<\/p>\r\n<p style=\"text-align: center\">A Fb.on is megtal\u00e1lsz:<\/p>\r\n<p style=\"text-align: center\"><a href=\"https:\/\/www.facebook.com\/REtikul\/\" target=\"_blank\">https:\/\/www.facebook.com\/REtikul\/<\/a><\/p>\r\n<p style=\"text-align: center\">\u00a0<\/p>\r\n<p style=\"text-align: center\">\u00a0<\/p>","type":"rich"}