{"version":"1.0","provider_name":"REtik\u00fcl \u00e9s ami belef\u00e9r...","provider_url":"https:\/\/retikul.cafeblog.hu","author_name":"REtik\u00fcl","author_url":"https:\/\/retikul.cafeblog.hu\/author\/viragh_krisztina\/","title":"Ny\u00e1r konzerv\u00e1lva","html":"<p style=\"text-align: center\">Mi sem jobb,mint t\u00e9l k\u00f6zep\u00e9n(pl\u00e1ne,ha egy makacs v\u00edrus szobafogs\u00e1gban tart minket) el\u0151venni a ny\u00e1ri fot\u00f3albumokat(igen,\u00e9n mindig k\u00e9sz\u00edtek albumot vagy el\u0151h\u00edvatom sim\u00e1n a k\u00e9peket,mert a gyerekek nagyon szeretik n\u00e9zegetni,\u00edgy az eml\u00e9keket felid\u00e9zni) \u00e9s hosszasan elm\u00e9l\u00e1zva emlegetni a tengerpartot,a naps\u00fct\u00e9st a sok-sok ny\u00e1ri \u00e9lm\u00e9nyt.<\/p>\r\n<p style=\"text-align: center\"><a href=\"https:\/\/retikul.cafeblog.hu\/files\/2017\/01\/IMG_0974_resize.jpg\"><img class=\"aligncenter size-large wp-image-6980\" src=\"https:\/\/retikul.cafeblog.hu\/files\/2017\/01\/IMG_0974_resize-600x400.jpg\" alt=\"img_0974_resize\" width=\"600\" height=\"400\" \/><\/a><\/p>\r\n<p style=\"text-align: center\">Nem csak besz\u00e9lget\u00fcnk,'emleget\u00fcnk',hanem a j\u00e1t\u00e9k r\u00e9szes\u00e9v\u00e9 is v\u00e1lnak a gy\u0171jt\u00f6tt ny\u00e1ri kincsek vagy \u00e9pp egy-egy eml\u00e9k inspir\u00e1lta \u00fajabb alkot\u00e1s kerekedik...ami azt\u00e1n kiker\u00fcl a falra vagy be\u00e9p\u00fcl a j\u00e1t\u00e9k t\u00e9rbe.<\/p>\r\n<p style=\"text-align: center\">Ez az \u00f6tlet is \u00edgy j\u00f6tt...<\/p>\r\n<p style=\"text-align: center\">konzerv\u00e1ljunk egy csepp nyarat...<\/p>\r\n<p style=\"text-align: center\">k\u00e9sz\u00edts\u00fcnk mini eml\u00e9k k\u00e9pet \u00fajrahasznos\u00edtott anyagokb\u00f3l.<\/p>\r\n<p style=\"text-align: center\">Szeretj\u00fck a halat,a konzerv verzi\u00f3b\u00f3l szendvicskr\u00e9met szoktam kutyulni,majd gondolkod\u00e1s n\u00e9lk\u00fcl haj\u00edtom a kuk\u00e1ba a konzervdobozt.<\/p>\r\n<p style=\"text-align: center\">Most nem \u00edgy t\u00f6rt\u00e9nt.<\/p>\r\n<p style=\"text-align: center\"><a href=\"https:\/\/retikul.cafeblog.hu\/files\/2017\/01\/IMG_9956_resize.jpg\"><img class=\"aligncenter wp-image-6988 size-medium\" src=\"https:\/\/retikul.cafeblog.hu\/files\/2017\/01\/IMG_9956_resize-200x300.jpg\" alt=\"img_9956_resize\" width=\"200\" height=\"300\" \/><\/a><\/p>\r\n<p style=\"text-align: center\">Alapos tiszt\u00edt\u00e1s ut\u00e1n,lefestett\u00fck akril \u00e9s kr\u00e9tafest\u00e9kkel a f\u00e9m dobozokat.<\/p>\r\n<p style=\"text-align: center\"><a href=\"https:\/\/retikul.cafeblog.hu\/files\/2017\/01\/IMG_9965_resize.jpg\"><img class=\"aligncenter wp-image-6989 size-medium\" src=\"https:\/\/retikul.cafeblog.hu\/files\/2017\/01\/IMG_9965_resize-200x300.jpg\" alt=\"img_9965_resize\" width=\"200\" height=\"300\" \/><\/a><\/p>\r\n<p style=\"text-align: center\">Ez a konzervdoboz nyit\u00f3val \u00e9s perfor\u00e1lt r\u00e9sszel ell\u00e1tott volt,ami felnyit\u00e1s ut\u00e1n nem penge\u00e9les sz\u00e9l\u0171,teh\u00e1t b\u00e1tran adtam a gyerekeim kez\u00e9be.<\/p>\r\n<p style=\"text-align: center\">Sz\u00e1rad\u00e1s ut\u00e1n,k\u00fcl\u00f6nb\u00f6z\u0151 dolgokat pr\u00f3b\u00e1ltunk bele,a r\u00e9szeket t\u00f6nkrement k\u00f6nyv lapjaib\u00f3l v\u00e1gtuk ki ill. hajtogattuk.<\/p>\r\n<p style=\"text-align: center\">A t\u00e9rbeli hat\u00e1st \u00fagy \u00e9rt\u00fck el,hogy dobozkarton darabk\u00e1kat ragasztottunk az egyes elemek m\u00f6g\u00e9.<\/p>\r\n<p style=\"text-align: center\">Ha gyurmaragaszt\u00f3val ragasztj\u00e1tok,b\u00e1rmikor tetsz\u0151legesen \u00e1trendezhet\u0151,vari\u00e1lhat\u00f3.<\/p>\r\n<p style=\"text-align: center\"><a href=\"https:\/\/retikul.cafeblog.hu\/files\/2017\/01\/IMG_0938_resize.jpg\"><img class=\"aligncenter wp-image-6974 size-medium\" src=\"https:\/\/retikul.cafeblog.hu\/files\/2017\/01\/IMG_0938_resize-300x200.jpg\" alt=\"img_0938_resize\" width=\"300\" height=\"200\" \/><\/a><\/p>\r\n<p style=\"text-align: center\">\u00cdm egy kis ny\u00e1r konzerv\u00e1lva :) ...<\/p>\r\n<p style=\"text-align: center\"><a href=\"https:\/\/retikul.cafeblog.hu\/files\/2017\/01\/IMG_0941_resize.jpg\"><img class=\"aligncenter size-large wp-image-6975\" src=\"https:\/\/retikul.cafeblog.hu\/files\/2017\/01\/IMG_0941_resize-400x600.jpg\" alt=\"img_0941_resize\" width=\"400\" height=\"600\" \/><\/a><\/p>\r\n<p style=\"text-align: center\"><a href=\"https:\/\/retikul.cafeblog.hu\/files\/2017\/01\/IMG_0947_resize.jpg\"><img class=\"aligncenter size-large wp-image-6976\" src=\"https:\/\/retikul.cafeblog.hu\/files\/2017\/01\/IMG_0947_resize-600x400.jpg\" alt=\"img_0947_resize\" width=\"600\" height=\"400\" \/><\/a><\/p>\r\n<p style=\"text-align: center\"><a href=\"https:\/\/retikul.cafeblog.hu\/files\/2017\/01\/IMG_0948_resize.jpg\"><img class=\"aligncenter size-large wp-image-6977\" src=\"https:\/\/retikul.cafeblog.hu\/files\/2017\/01\/IMG_0948_resize-600x400.jpg\" alt=\"img_0948_resize\" width=\"600\" height=\"400\" \/><\/a><\/p>\r\n<p style=\"text-align: center\">A <a href=\"https:\/\/retikul.cafeblog.hu\/2015\/11\/23\/tengerparti-gyerekszoba\/\">TENGERPARTI GYEREKSZOB\u00c1BA<\/a> ker\u00fcl.<\/p>\r\n<p style=\"text-align: center\">Azt hiszem,ezent\u00fal a halas dobozokat sem fogom kidobni!<\/p>\r\n<p style=\"text-align: center\">K\u00f6sz\u00f6n\u00f6m,hogy ben\u00e9zt\u00e9l hozz\u00e1m!<\/p>\r\n<p style=\"text-align: center\">A fb.on is megtal\u00e1lsz:<\/p>\r\n<p style=\"text-align: center\"><a href=\"https:\/\/www.facebook.com\/REtikul\/\">https:\/\/www.facebook.com\/REtikul\/<\/a><\/p>\r\n<p style=\"text-align: center\">\u00a0<\/p>\r\n<p style=\"text-align: center\">\u00a0<\/p>","type":"rich","thumbnail_url":"https:\/\/retikul.cafeblog.hu\/files\/2017\/01\/IMG_0947_resize-150x150.jpg","thumbnail_width":150,"thumbnail_height":150}